{"id":1472,"date":"2020-04-07T10:05:37","date_gmt":"2020-04-07T09:05:37","guid":{"rendered":"https:\/\/www.cunext.com\/?page_id=1472"},"modified":"2023-06-16T10:52:15","modified_gmt":"2023-06-16T09:52:15","slug":"politica-sulla-privacy","status":"publish","type":"page","link":"https:\/\/cunext.com\/it\/politica-sulla-privacy\/","title":{"rendered":"Politica sulla privacy"},"content":{"rendered":"\r\n<p>La presente politica della privacy \u00e8 applicabile al trattamento dei dati personali relativi a tutte le attivit\u00e0 di trattamento realizzate da ognuno dei soggetti che compongono il GRUPO CUNEXT, precisando di seguito <strong>le tutte le informazioni relative<\/strong> a ciascuna di esse.<\/p>\r\n\r\n\r\n\r\n<h2 class=\"wp-block-heading\"><strong>Responsabili dei trattamenti dei dati personali<\/strong><\/h2>\r\n\r\n\r\n\r\n<p>CUNEXT COPPER INDUSTRIES, S.L.<br>Partita IVA (CIF): B-84150994<br>Avenida de la F\u00e1brica, s\/n 14005 C\u00f3rdoba<\/p>\r\n\r\n\r\n\r\n<p>CABLEADOS Y EXTRUSIONES DEL SUR, S.L. \u2013 CABLEXSUR<br>Partita IVA (CIF): B-14906572<br>Avd. de la F\u00e1brica, s\/n 14005 C\u00f3rdoba<\/p>\r\n\r\n\r\n\r\n<p>TRANSFORMADOS CUNEXT S.L.<br>Partita IVA (CIF): B-56010093<br>14005\u00a0 C\u00f3rdoba Avd. de la F\u00e1brica, s\/n<\/p>\r\n\r\n\r\n\r\n<p>ESTA\u00d1ADOS Y ALAMBRES DE C\u00d3RDOBA S.L. \u2013 ESTACOR<br>Partita IVA (CIF): B-14867840<br>Pol. Ind. El Ca\u00f1o II, Calle C 14007 Espiel (C\u00f3rdoba)<\/p>\r\n\r\n\r\n\r\n<p>IBERMETALIA S.L.<br>Partita IVA (CIF): B-99186603<br>Ctra. de Logro\u00f1o, Km. 17 50629 Sobradiel (Zaragoza)<\/p>\r\n\r\n\r\n\r\n<p>ECN CABLE GROUP, S.L.<br>Partita IVA (CIF): B-01225325<br>Calle Portal de Bergara, 36 01013 Vitoria-Gasteiz<\/p>\r\n\r\n\r\n\r\n<p>ECN COLADA DE ALUMINIO S.L.<br>Partita IVA (CIF): B-01551522<br>Calle Portal de Bergara, 36 01013 Vitoria-Gasteiz<\/p>\r\n\r\n\r\n\r\n<p>ECN TREFILERIA S.L.<br>Partita IVA (CIF): B-01551514<br>Calle Portal de Bergara, 36 01013 Vitoria-Gasteiz<\/p>\r\n\r\n\r\n\r\n<p>TRANSFORMADOS COMBISA S.L.<br>Partita IVA (CIF): B-01551563<br>Calle Portal de Vergara, 36 01013Vitoria-Gasteiz<\/p>\r\n\r\n\r\n\r\n<p>TRAVAR TEC S.R.L.<br>Partita IVA (CIF): IT03591030980<br>Rodengo Saiano (BS) Via Bertoli 17\u00aa 25050 B\u00e9rgamo (Italia)<\/p>\r\n\r\n\r\n\r\n<p>ASTURCOPPER, S.L.<br>Partita IVA (CIF): B-74348491<br>Av. Conde Santa B\u00e1rbara, 14 33420 Siero-Asturias<\/p>\r\n\r\n\r\n\r\n<h2 class=\"wp-block-heading\"><strong>Attivit\u00e0 di trattamento<\/strong><\/h2>\r\n\r\n\r\n\r\n<h3 class=\"wp-block-heading\"><strong>Control de acceso a instalControllo dell&#8217;accesso agli impianti<\/strong><\/h3>\r\n\r\n\r\n\r\n<ul class=\"wp-block-list\"><li> <strong>Finalit\u00e0:<\/strong> Identificare le persone che accedono agli impianti e realizzare un controllo durante la loro permanenza.<\/li><li> <strong>Legittimazione:<\/strong> Legittimo interesse (articolo 6.1-f Regolamento Generale sulla Protezione dei Dati (UE) 679\/2016).<\/li><li> <strong>Tempo di conservazione:<\/strong> Termine di prescrizione per eventuali reati minori o gravi in cui \u00e8 possibile incorrere.<\/li><li> <strong>Destinatari:<\/strong> Non sono previsti, tranne in caso di possibili incidenti di sicurezza, prontamente comunicati, se dal caso, alle forze dell&#8217;ordine.<\/li><\/ul>\r\n\r\n\r\n\r\n<h3 class=\"wp-block-heading\"><strong>Videosorveglianza<\/strong><\/h3>\r\n\r\n\r\n\r\n<ul class=\"wp-block-list\"><li> <strong>Finalit\u00e0: <\/strong>Sicurezza di persone, beni e impianti.<\/li><li> <strong>Legittimazione: <\/strong>Interesse pubblico (articolo 6.1-e Regolamento Generale sulla Protezione dei Dati (UE) 679\/2016 e articolo 22 della Legge Organica 3\/2018 del 5 dicembre per la Protezione dei Dati Personali e garanzia dei diritti digitali).<\/li><li> <strong>Tempo di conservazione:<\/strong> un mese.<\/li><li> <strong>Destinatari:<\/strong> Non sono previsti, tranne in caso di possibili incidenti di sicurezza, prontamente comunicati, se dal caso, alle forze dell&#8217;ordine.<\/li><\/ul>\r\n\r\n\r\n\r\n<h3 class=\"wp-block-heading\"><strong>Contatti<\/strong><\/h3>\r\n\r\n\r\n\r\n<ul class=\"wp-block-list\"><li> <strong>Finalit\u00e0:<\/strong> Comunicazioni in caso di attivit\u00e0 commerciale e\/o societaria tenuta tra la persona giuridica e il responsabile del trattamento.<\/li><li> <strong>Legittimazione: <\/strong>Legittimo interesse (articolo 6.1-f Regolamento Generale sulla Protezione dei Dati (UE) 679\/2016 e articolo 19 della Legge Organica 3\/2018 del 5 dicembre per la Protezione dei Dati Personali e garanzia dei diritti digitali).<\/li><li> <strong>Tempo di conservazione:<\/strong> Periodo di prescrizione degli obblighi relativi alle prestazioni derivanti dai rapporti commerciali e\/o societari mantenuti.<\/li><li> <strong>Destinatari:<\/strong> Non \u00e8 prevista alcuna cessione o comunicazione. <\/li><\/ul>\r\n\r\n\r\n\r\n<p>Non realizziamo nessun tipo di decisione automatizzata in base ai dati forniti n\u00e9 creiamo alcun profilo con essi.<\/p>\r\n\r\n\r\n\r\n<h2 class=\"wp-block-heading\"><strong>Diritti<\/strong><\/h2>\r\n\r\n\r\n\r\n<p>L\u2019utente ha diritto ad ottenere conferma sull&#8217;eventuale trattamento di  dati personali che lo riguardano. Le persone interessate hanno il  diritto di <strong>accedere<\/strong> ai propri dati personali, cos\u00ec come di richiedere la <strong>rettifica<\/strong> dei dati inesatti o, eventualmente, richiedere la loro <strong>soppressione<\/strong>,  tra gli altri motivi, quando i dati non sono pi\u00f9 necessari per gli  scopi per il quale erano stati raccolti. In determinate circostanze (in  caso di richiesta di rettifica, soppressione, opposizione e  cancellazione prima della soppressione) gli interessati hanno diritto  alla <strong>limitazione<\/strong> del loro trattamento. Hanno inoltre il diritto di <strong>portabilit\u00e0<\/strong>  di suddetti dati. In ogni caso, hanno diritto a presentare un reclamo  all&#8217;Agenzia Spagnola di Protezione dei Dati Personali (www.aepd.es).  L&#8217;esercizio dei diritti viene attuato attraverso una richiesta diretta  al nostro Delegato per la Protezione dei Dati <a href=\"mailto:dpd@cunext.com\">dpd@cunext.com<\/a> <\/p>\r\n","protected":false},"excerpt":{"rendered":"<p>La presente politica della privacy \u00e8 applicabile al trattamento dei dati personali relativi a tutte le attivit\u00e0 di trattamento realizzate da ognuno dei soggetti che&#8230;<\/p>\n","protected":false},"author":6,"featured_media":1867,"parent":0,"menu_order":0,"comment_status":"closed","ping_status":"closed","template":"","meta":{"_acf_changed":false,"footnotes":""},"class_list":["post-1472","page","type-page","status-publish","has-post-thumbnail","hentry"],"acf":[],"yoast_head":"<!-- This site is optimized with the Yoast SEO plugin v27.5 - https:\/\/yoast.com\/product\/yoast-seo-wordpress\/ -->\n<title>Politica sulla privacy - Cunext<\/title>\n<meta name=\"description\" content=\"CUNEXT GROUP se especializa en la transformaci\u00f3n de cobre y aluminio de la m\u00e1s alta calidad, siempre centrados en la innovaci\u00f3n continua y el desarrollo.\" \/>\n<meta name=\"robots\" content=\"index, follow, max-snippet:-1, max-image-preview:large, max-video-preview:-1\" \/>\n<link rel=\"canonical\" href=\"https:\/\/cunext.com\/it\/politica-sulla-privacy\/\" \/>\n<meta property=\"og:locale\" content=\"it_IT\" \/>\n<meta property=\"og:type\" content=\"article\" \/>\n<meta property=\"og:title\" content=\"Politica sulla privacy - Cunext\" \/>\n<meta property=\"og:description\" content=\"CUNEXT GROUP se especializa en la transformaci\u00f3n de cobre y aluminio de la m\u00e1s alta calidad, siempre centrados en la innovaci\u00f3n continua y el desarrollo.\" \/>\n<meta property=\"og:url\" content=\"https:\/\/cunext.com\/it\/politica-sulla-privacy\/\" \/>\n<meta property=\"og:site_name\" content=\"Cunext\" \/>\n<meta property=\"article:modified_time\" content=\"2023-06-16T09:52:15+00:00\" \/>\n<meta property=\"og:image\" content=\"https:\/\/cunext.com\/wp-content\/uploads\/2020\/04\/cabecera_politica-privacidad-1.jpg\" \/>\n\t<meta property=\"og:image:width\" content=\"1600\" \/>\n\t<meta property=\"og:image:height\" content=\"378\" \/>\n\t<meta property=\"og:image:type\" content=\"image\/jpeg\" \/>\n<meta name=\"twitter:card\" content=\"summary_large_image\" \/>\n<meta name=\"twitter:label1\" content=\"Tempo di lettura stimato\" \/>\n\t<meta name=\"twitter:data1\" content=\"3 minuti\" \/>\n<script type=\"application\/ld+json\" class=\"yoast-schema-graph\">{\"@context\":\"https:\\\/\\\/schema.org\",\"@graph\":[{\"@type\":\"WebPage\",\"@id\":\"https:\\\/\\\/cunext.com\\\/it\\\/politica-sulla-privacy\\\/\",\"url\":\"https:\\\/\\\/cunext.com\\\/it\\\/politica-sulla-privacy\\\/\",\"name\":\"Politica sulla privacy - Cunext\",\"isPartOf\":{\"@id\":\"https:\\\/\\\/cunext.com\\\/it\\\/#website\"},\"primaryImageOfPage\":{\"@id\":\"https:\\\/\\\/cunext.com\\\/it\\\/politica-sulla-privacy\\\/#primaryimage\"},\"image\":{\"@id\":\"https:\\\/\\\/cunext.com\\\/it\\\/politica-sulla-privacy\\\/#primaryimage\"},\"thumbnailUrl\":\"https:\\\/\\\/cunext.com\\\/wp-content\\\/uploads\\\/2020\\\/04\\\/cabecera_politica-privacidad-1.jpg\",\"datePublished\":\"2020-04-07T09:05:37+00:00\",\"dateModified\":\"2023-06-16T09:52:15+00:00\",\"description\":\"CUNEXT GROUP se especializa en la transformaci\u00f3n de cobre y aluminio de la m\u00e1s alta calidad, siempre centrados en la innovaci\u00f3n continua y el desarrollo.\",\"breadcrumb\":{\"@id\":\"https:\\\/\\\/cunext.com\\\/it\\\/politica-sulla-privacy\\\/#breadcrumb\"},\"inLanguage\":\"it-IT\",\"potentialAction\":[{\"@type\":\"ReadAction\",\"target\":[\"https:\\\/\\\/cunext.com\\\/it\\\/politica-sulla-privacy\\\/\"]}]},{\"@type\":\"ImageObject\",\"inLanguage\":\"it-IT\",\"@id\":\"https:\\\/\\\/cunext.com\\\/it\\\/politica-sulla-privacy\\\/#primaryimage\",\"url\":\"https:\\\/\\\/cunext.com\\\/wp-content\\\/uploads\\\/2020\\\/04\\\/cabecera_politica-privacidad-1.jpg\",\"contentUrl\":\"https:\\\/\\\/cunext.com\\\/wp-content\\\/uploads\\\/2020\\\/04\\\/cabecera_politica-privacidad-1.jpg\",\"width\":1600,\"height\":378,\"caption\":\"cable-cobre\"},{\"@type\":\"BreadcrumbList\",\"@id\":\"https:\\\/\\\/cunext.com\\\/it\\\/politica-sulla-privacy\\\/#breadcrumb\",\"itemListElement\":[{\"@type\":\"ListItem\",\"position\":1,\"name\":\"Portada\",\"item\":\"https:\\\/\\\/cunext.com\\\/it\\\/\"},{\"@type\":\"ListItem\",\"position\":2,\"name\":\"Politica sulla privacy\"}]},{\"@type\":\"WebSite\",\"@id\":\"https:\\\/\\\/cunext.com\\\/it\\\/#website\",\"url\":\"https:\\\/\\\/cunext.com\\\/it\\\/\",\"name\":\"Cunext\",\"description\":\"Transformaci\u00f3n de cobre y aluminio\",\"publisher\":{\"@id\":\"https:\\\/\\\/cunext.com\\\/it\\\/#organization\"},\"potentialAction\":[{\"@type\":\"SearchAction\",\"target\":{\"@type\":\"EntryPoint\",\"urlTemplate\":\"https:\\\/\\\/cunext.com\\\/it\\\/?s={search_term_string}\"},\"query-input\":{\"@type\":\"PropertyValueSpecification\",\"valueRequired\":true,\"valueName\":\"search_term_string\"}}],\"inLanguage\":\"it-IT\"},{\"@type\":\"Organization\",\"@id\":\"https:\\\/\\\/cunext.com\\\/it\\\/#organization\",\"name\":\"Cunext Group\",\"url\":\"https:\\\/\\\/cunext.com\\\/it\\\/\",\"logo\":{\"@type\":\"ImageObject\",\"inLanguage\":\"it-IT\",\"@id\":\"https:\\\/\\\/cunext.com\\\/it\\\/#\\\/schema\\\/logo\\\/image\\\/\",\"url\":\"https:\\\/\\\/cunext.com\\\/wp-content\\\/uploads\\\/2020\\\/04\\\/logo-cunext.png\",\"contentUrl\":\"https:\\\/\\\/cunext.com\\\/wp-content\\\/uploads\\\/2020\\\/04\\\/logo-cunext.png\",\"width\":229,\"height\":57,\"caption\":\"Cunext Group\"},\"image\":{\"@id\":\"https:\\\/\\\/cunext.com\\\/it\\\/#\\\/schema\\\/logo\\\/image\\\/\"},\"sameAs\":[\"https:\\\/\\\/www.linkedin.com\\\/company\\\/cunext-copper-industries-sl\\\/\"]}]}<\/script>\n<!-- \/ Yoast SEO plugin. -->","yoast_head_json":{"title":"Politica sulla privacy - Cunext","description":"CUNEXT GROUP se especializa en la transformaci\u00f3n de cobre y aluminio de la m\u00e1s alta calidad, siempre centrados en la innovaci\u00f3n continua y el desarrollo.","robots":{"index":"index","follow":"follow","max-snippet":"max-snippet:-1","max-image-preview":"max-image-preview:large","max-video-preview":"max-video-preview:-1"},"canonical":"https:\/\/cunext.com\/it\/politica-sulla-privacy\/","og_locale":"it_IT","og_type":"article","og_title":"Politica sulla privacy - Cunext","og_description":"CUNEXT GROUP se especializa en la transformaci\u00f3n de cobre y aluminio de la m\u00e1s alta calidad, siempre centrados en la innovaci\u00f3n continua y el desarrollo.","og_url":"https:\/\/cunext.com\/it\/politica-sulla-privacy\/","og_site_name":"Cunext","article_modified_time":"2023-06-16T09:52:15+00:00","og_image":[{"width":1600,"height":378,"url":"https:\/\/cunext.com\/wp-content\/uploads\/2020\/04\/cabecera_politica-privacidad-1.jpg","type":"image\/jpeg"}],"twitter_card":"summary_large_image","twitter_misc":{"Tempo di lettura stimato":"3 minuti"},"schema":{"@context":"https:\/\/schema.org","@graph":[{"@type":"WebPage","@id":"https:\/\/cunext.com\/it\/politica-sulla-privacy\/","url":"https:\/\/cunext.com\/it\/politica-sulla-privacy\/","name":"Politica sulla privacy - Cunext","isPartOf":{"@id":"https:\/\/cunext.com\/it\/#website"},"primaryImageOfPage":{"@id":"https:\/\/cunext.com\/it\/politica-sulla-privacy\/#primaryimage"},"image":{"@id":"https:\/\/cunext.com\/it\/politica-sulla-privacy\/#primaryimage"},"thumbnailUrl":"https:\/\/cunext.com\/wp-content\/uploads\/2020\/04\/cabecera_politica-privacidad-1.jpg","datePublished":"2020-04-07T09:05:37+00:00","dateModified":"2023-06-16T09:52:15+00:00","description":"CUNEXT GROUP se especializa en la transformaci\u00f3n de cobre y aluminio de la m\u00e1s alta calidad, siempre centrados en la innovaci\u00f3n continua y el desarrollo.","breadcrumb":{"@id":"https:\/\/cunext.com\/it\/politica-sulla-privacy\/#breadcrumb"},"inLanguage":"it-IT","potentialAction":[{"@type":"ReadAction","target":["https:\/\/cunext.com\/it\/politica-sulla-privacy\/"]}]},{"@type":"ImageObject","inLanguage":"it-IT","@id":"https:\/\/cunext.com\/it\/politica-sulla-privacy\/#primaryimage","url":"https:\/\/cunext.com\/wp-content\/uploads\/2020\/04\/cabecera_politica-privacidad-1.jpg","contentUrl":"https:\/\/cunext.com\/wp-content\/uploads\/2020\/04\/cabecera_politica-privacidad-1.jpg","width":1600,"height":378,"caption":"cable-cobre"},{"@type":"BreadcrumbList","@id":"https:\/\/cunext.com\/it\/politica-sulla-privacy\/#breadcrumb","itemListElement":[{"@type":"ListItem","position":1,"name":"Portada","item":"https:\/\/cunext.com\/it\/"},{"@type":"ListItem","position":2,"name":"Politica sulla privacy"}]},{"@type":"WebSite","@id":"https:\/\/cunext.com\/it\/#website","url":"https:\/\/cunext.com\/it\/","name":"Cunext","description":"Transformaci\u00f3n de cobre y aluminio","publisher":{"@id":"https:\/\/cunext.com\/it\/#organization"},"potentialAction":[{"@type":"SearchAction","target":{"@type":"EntryPoint","urlTemplate":"https:\/\/cunext.com\/it\/?s={search_term_string}"},"query-input":{"@type":"PropertyValueSpecification","valueRequired":true,"valueName":"search_term_string"}}],"inLanguage":"it-IT"},{"@type":"Organization","@id":"https:\/\/cunext.com\/it\/#organization","name":"Cunext Group","url":"https:\/\/cunext.com\/it\/","logo":{"@type":"ImageObject","inLanguage":"it-IT","@id":"https:\/\/cunext.com\/it\/#\/schema\/logo\/image\/","url":"https:\/\/cunext.com\/wp-content\/uploads\/2020\/04\/logo-cunext.png","contentUrl":"https:\/\/cunext.com\/wp-content\/uploads\/2020\/04\/logo-cunext.png","width":229,"height":57,"caption":"Cunext Group"},"image":{"@id":"https:\/\/cunext.com\/it\/#\/schema\/logo\/image\/"},"sameAs":["https:\/\/www.linkedin.com\/company\/cunext-copper-industries-sl\/"]}]}},"_links":{"self":[{"href":"https:\/\/cunext.com\/it\/wp-json\/wp\/v2\/pages\/1472","targetHints":{"allow":["GET"]}}],"collection":[{"href":"https:\/\/cunext.com\/it\/wp-json\/wp\/v2\/pages"}],"about":[{"href":"https:\/\/cunext.com\/it\/wp-json\/wp\/v2\/types\/page"}],"author":[{"embeddable":true,"href":"https:\/\/cunext.com\/it\/wp-json\/wp\/v2\/users\/6"}],"replies":[{"embeddable":true,"href":"https:\/\/cunext.com\/it\/wp-json\/wp\/v2\/comments?post=1472"}],"version-history":[{"count":6,"href":"https:\/\/cunext.com\/it\/wp-json\/wp\/v2\/pages\/1472\/revisions"}],"predecessor-version":[{"id":4156,"href":"https:\/\/cunext.com\/it\/wp-json\/wp\/v2\/pages\/1472\/revisions\/4156"}],"wp:featuredmedia":[{"embeddable":true,"href":"https:\/\/cunext.com\/it\/wp-json\/wp\/v2\/media\/1867"}],"wp:attachment":[{"href":"https:\/\/cunext.com\/it\/wp-json\/wp\/v2\/media?parent=1472"}],"curies":[{"name":"wp","href":"https:\/\/api.w.org\/{rel}","templated":true}]}}