{"id":4626,"date":"2024-04-08T12:50:47","date_gmt":"2024-04-08T11:50:47","guid":{"rendered":"https:\/\/cunext.com\/datenschutzerklarung\/"},"modified":"2024-04-08T12:50:47","modified_gmt":"2024-04-08T11:50:47","slug":"datenschutzerklarung","status":"publish","type":"page","link":"https:\/\/cunext.com\/de\/datenschutzerklarung\/","title":{"rendered":"Datenschutzerkl\u00e4rung"},"content":{"rendered":"\r\n<p>Ihre Privatsph\u00e4re ist der Cunext-Gruppe wichtig und wir verpflichten uns, Ihre personenbezogenen Daten angemessen und verantwortungsbewusst zu behandeln, die Grunds\u00e4tze des Datenschutzes zu jeder Zeit zu beachten und die geltenden Gesetze vollst\u00e4ndig einzuhalten. (Verordnung EU 2016\/679 des Europ\u00e4ischen Parlaments und des Rates vom 27. April 2016 zum Schutz nat\u00fcrlicher Personen bei der Verarbeitung personenbezogener Daten und zum freien Datenverkehr &#8211; DSGVO &#8211; und Organgesetz 3\/2018 vom 5. Dezember zum Schutz personenbezogener Daten und zur Gew\u00e4hrleistung digitaler Rechte &#8211; LOPD ).<\/p>\r\n<p>In dieser Datenschutzerkl\u00e4rung informieren wir Sie ausf\u00fchrlich dar\u00fcber, wer f\u00fcr die Verarbeitung Ihrer personenbezogenen Daten verantwortlich ist, wof\u00fcr und warum sie verwendet werden, wie lange sie aufbewahrt werden oder ob sie Gegenstand einer Weitergabe oder Weitergabe sind.<\/p>\r\n<p>Damit Sie die volle Kontrolle \u00fcber Ihre personenbezogenen Daten haben, informieren wir Sie dar\u00fcber, an wen und wie Sie Ihre Rechte aus\u00fcben k\u00f6nnen.<\/p>\r\n\r\n\r\n\r\n<h2 class=\"wp-block-heading\">VERANTWORTLICHER F\u00dcR DIE VERARBEITUNG<\/h2>\r\n\r\n\r\n\r\n<p>Verantwortlicher f\u00fcr die Verarbeitung ist das Unternehmen der Cunext-Gruppe, mit dem Sie eine der in dieser Datenschutzerkl\u00e4rung beschriebenen Verarbeitungsaktivit\u00e4ten durchgef\u00fchrt haben, deren Einzelheiten nachstehend aufgef\u00fchrt sind:<\/p>\r\n<a href=\"https:\/\/cunext.com\/wp-content\/uploads\/2023\/06\/Anexo-AVISO-DE-PRIVACIDAD.pdf\" target=\"_blank\" rel=\"noopener\">Detailansicht<\/a>\r\n\r\n\r\n\r\n<h2 class=\"wp-block-heading\">BEHANDLUNGST\u00c4TIGKEITEN<\/h2>\r\n\r\n\r\n\r\n<h3 class=\"wp-block-heading\"> <strong>1. Gesch\u00e4ftskontakte<\/strong> <\/h3>\r\n\r\n\r\n\r\n<ul class=\"wp-block-list\">\r\n<li>\r\n<strong>Zweck:<\/strong> Austausch von Mitteilungen anl\u00e4\u00dflich der Gesch\u00e4ftst\u00e4tigkeit zwischen den verschiedenen Unternehmen der Cunext-Gruppe mit ihren Kunden oder Lieferanten.\r\n<\/li>\r\n<li>\r\n<strong>Berechtigung:<\/strong> Berechtigtes Interesse (Art. 6 Abs. 1 lit. f DSGVO und Art. 19 LOPD).\r\n<\/li>\r\n<li>\r\n<strong>Aufbewahrungsfrist:<\/strong> Verj\u00e4hrungsfrist f\u00fcr Leistungsverpflichtungen, die sich aus Gesch\u00e4fts- und\/oder Handelsbeziehungen ergeben.\r\n<\/li>\r\n<li>\r\n<strong>Adressaten:<\/strong> Eine \u00dcbertragung oder Mitteilung ist nicht vorgesehen.<\/li>\r\n<\/ul>\r\n\r\n\r\n\r\n<h3 class=\"wp-block-heading\"> <strong>2. Kommunikation \u00fcber den Ethischen Kanal<\/strong> <\/h3>\r\n\r\n\r\n\r\n<ul class=\"wp-block-list\">\r\n<li>\r\n<strong>Zweck: <\/strong>\r\nVerwaltung, Bearbeitung und Untersuchung von Mitteilungen, die \u00fcber den Ethikkanal \u00fcbermittelt werden, sowie gegebenenfalls Einleitung von Disziplinarma\u00dfnahmen oder Gerichtsverfahren, die sich daraus ergeben.<\/li><li>\r\n<strong>Rechtm\u00e4\u00dfigkeit: <\/strong>\r\nErforderlichkeit der Verarbeitung zur Erf\u00fcllung der rechtlichen Verpflichtungen, denen der Verantwortliche unterliegt (Art. 6 Abs. c DSGVO in Verbindung mit der gesetzlichen Verpflichtung zur Einrichtung eines Beschwerdekanals gem\u00e4\u00df Art. 10 des Gesetzes 2\/2023). F\u00fcr den Fall, dass die Verarbeitung besonderer Kategorien besonderer Daten erforderlich ist, ist die Rechtsgrundlage die Erforderlichkeit der Verarbeitung aus Gr\u00fcnden eines wesentlichen \u00f6ffentlichen Interesses (Art. 9 Abs. 2 lit. g DSGVO).\r\n.<\/li>\r\n<li>\r\n<strong>Speicherdauer:<\/strong> \r\nDie Zeitspanne, die erforderlich ist, um zu entscheiden, ob eine Untersuchung des gemeldeten Sachverhalts eingeleitet werden soll, und in jedem Fall innerhalb von drei (3) Monaten nach Erhalt der Mitteilung, ohne dass eine Untersuchung eingeleitet wurde. Wird ein Ermittlungsverfahren eingeleitet, das die Einleitung eines Gerichtsverfahrens zur Folge haben kann, so ist dies die gesetzlich vorgeschriebene Verj\u00e4hrungsfrist f\u00fcr die Einleitung eines solchen Verfahrens.<\/li>\r\n<li>\r\n<strong>Adressaten:<\/strong> \r\nGegebenenfalls der Justizbeh\u00f6rde, der Staatsanwaltschaft oder der zust\u00e4ndigen Verwaltungsbeh\u00f6rde im Rahmen strafrechtlicher, disziplinarrechtlicher oder strafrechtlicher Ermittlungen mitgeteilt.\r\n<\/li>\r\n<\/ul>\r\n\r\n\r\n\r\n<h3 class=\"wp-block-heading\"> <strong>3. Zugangskontrolle zu Einrichtungen<\/strong> <\/h3>\r\n\r\n\r\n\r\n<ul class=\"wp-block-list\">\r\n<li>\r\n<strong>Zweck:<\/strong>\r\n Identifizierung der Personen, die die R\u00e4umlichkeiten betreten, und Durchf\u00fchrung von Kontrollen w\u00e4hrend ihres Aufenthalts.\r\n<\/li>\r\n<li>\r\n<strong>Berechtigung: <\/strong>\r\nBerechtigtes Interesse (Art. 6 Abs. 1 lit. f DSGVO).\r\n<\/li>\r\n<li>\r\n<strong>Aufbewahrungsdauer: <\/strong>\r\nVerj\u00e4hrungsfrist f\u00fcr m\u00f6gliche leichte oder schwere Straftaten.\r\n<\/li>\r\n<li>\r\n<strong>Adressaten: <\/strong>\r\nAu\u00dfer im Falle m\u00f6glicher Sicherheitsvorf\u00e4lle, die gegebenenfalls den Strafverfolgungsbeh\u00f6rden gemeldet werden, ist nicht zu erwarten.<\/li><\/ul>\r\n\r\n\r\n\r\n<h3 class=\"wp-block-heading\"> <strong>4. Video\u00fcberwachung<\/strong> <\/h3>\r\n\r\n\r\n\r\n<ul class=\"wp-block-list\">\r\n<li>\r\n<strong>Zweck:<\/strong>\r\n Sicherheit von Personen, G\u00fctern und Anlagen.\r\n<\/li>\r\n<li>\r\n<strong>Berechtigung: <\/strong>\r\n\u00d6ffentliches Interesse (Art. 6 Abs. e DSGVO und Art. 22 LOPD).\r\n<\/li>\r\n<li>\r\n<strong>Haltbarkeit: <\/strong>\r\nEin (1) Monat.\r\n<\/li>\r\n<li>\r\n<strong>Destinatarios: <\/strong>\r\nAu\u00dfer im Falle m\u00f6glicher Sicherheitsvorf\u00e4lle, die gegebenenfalls den Strafverfolgungsbeh\u00f6rden gemeldet werden, ist nicht zu erwarten.\r\n<\/li>\r\n<\/ul>\r\n\r\n\r\n\r\n\r\n<p>Wir treffen keine automatisierten Entscheidungen auf der Grundlage der bereitgestellten Daten und erstellen auch kein Profiling mit diesen Daten.<\/p>\r\n\r\n\r\n\r\n<h2 class=\"wp-block-heading\">ANSPR\u00dcCHE<\/h2>\r\n\r\n\r\n\r\n<p>Sie haben das Recht, eine Best\u00e4tigung dar\u00fcber zu erhalten, ob wir Sie betreffende personenbezogene Daten verarbeiten oder nicht. Betroffene Personen haben unter anderem das Recht, auf ihre personenbezogenen Daten zuzugreifen und die Berichtigung unrichtiger Daten oder gegebenenfalls deren L\u00f6schung zu verlangen, wenn die Daten f\u00fcr die Zwecke, f\u00fcr die sie erhoben wurden, nicht mehr erforderlich sind. Unter bestimmten Umst\u00e4nden (bei Antr\u00e4gen auf Berichtigung, L\u00f6schung, Widerspruch und L\u00f6schung vor der L\u00f6schung) haben die betroffenen Personen das Recht auf Einschr\u00e4nkung der Verarbeitung. Sie hat auch das Recht auf Daten\u00fcbertragbarkeit.\r\n<\/p>\r\n<p>In jedem Fall k\u00f6nnen Sie eine Beschwerde bei der spanischen Datenschutzbeh\u00f6rde (www. aepd. es) einreichen.<\/p>\r\n<p>Betroffene k\u00f6nnen ihre Rechte aus\u00fcben oder ihre Anfragen an unseren Datenschutzbeauftragten \u00fcber das E-Mail-Konto<a href=\"mailto:dpd@cunext.com\">dpd@cunext.com<\/a> com richten.<\/p>\r\n","protected":false},"excerpt":{"rendered":"<p>Ihre Privatsph\u00e4re ist der Cunext-Gruppe wichtig und wir verpflichten uns, Ihre personenbezogenen Daten angemessen und verantwortungsbewusst zu behandeln, die Grunds\u00e4tze des Datenschutzes zu jeder Zeit&#8230;<\/p>\n","protected":false},"author":6,"featured_media":4627,"parent":0,"menu_order":0,"comment_status":"closed","ping_status":"closed","template":"","meta":{"_acf_changed":false,"footnotes":""},"class_list":["post-4626","page","type-page","status-publish","has-post-thumbnail","hentry"],"acf":[],"yoast_head":"<!-- This site is optimized with the Yoast SEO plugin v27.5 - https:\/\/yoast.com\/product\/yoast-seo-wordpress\/ -->\n<title>Datenschutzerkl\u00e4rung - Cunext<\/title>\n<meta name=\"description\" content=\"Die CUNEXT GROUP hat sich auf die Verarbeitung von Kupfer und Aluminium in h\u00f6chster Qualit\u00e4t spezialisiert und setzt dabei auf kontinuierliche Innovation und Entwicklung.\" \/>\n<meta name=\"robots\" content=\"index, follow, max-snippet:-1, max-image-preview:large, max-video-preview:-1\" \/>\n<link rel=\"canonical\" href=\"https:\/\/cunext.com\/de\/datenschutzerklarung\/\" \/>\n<meta property=\"og:locale\" content=\"de_DE\" \/>\n<meta property=\"og:type\" content=\"article\" \/>\n<meta property=\"og:title\" content=\"Datenschutzerkl\u00e4rung - Cunext\" \/>\n<meta property=\"og:description\" content=\"Die CUNEXT GROUP hat sich auf die Verarbeitung von Kupfer und Aluminium in h\u00f6chster Qualit\u00e4t spezialisiert und setzt dabei auf kontinuierliche Innovation und Entwicklung.\" \/>\n<meta property=\"og:url\" content=\"https:\/\/cunext.com\/de\/datenschutzerklarung\/\" \/>\n<meta property=\"og:site_name\" content=\"Cunext\" \/>\n<meta name=\"twitter:card\" content=\"summary_large_image\" \/>\n<meta name=\"twitter:label1\" content=\"Gesch\u00e4tzte Lesezeit\" \/>\n\t<meta name=\"twitter:data1\" content=\"3\u00a0Minuten\" \/>\n<script type=\"application\/ld+json\" class=\"yoast-schema-graph\">{\"@context\":\"https:\\\/\\\/schema.org\",\"@graph\":[{\"@type\":\"WebPage\",\"@id\":\"https:\\\/\\\/cunext.com\\\/de\\\/datenschutzerklarung\\\/\",\"url\":\"https:\\\/\\\/cunext.com\\\/de\\\/datenschutzerklarung\\\/\",\"name\":\"Datenschutzerkl\u00e4rung - Cunext\",\"isPartOf\":{\"@id\":\"https:\\\/\\\/cunext.com\\\/de\\\/#website\"},\"primaryImageOfPage\":{\"@id\":\"https:\\\/\\\/cunext.com\\\/de\\\/datenschutzerklarung\\\/#primaryimage\"},\"image\":{\"@id\":\"https:\\\/\\\/cunext.com\\\/de\\\/datenschutzerklarung\\\/#primaryimage\"},\"thumbnailUrl\":\"https:\\\/\\\/cunext.com\\\/wp-content\\\/uploads\\\/2020\\\/04\\\/cabecera_politica-privacidad-1.jpg\",\"datePublished\":\"2024-04-08T11:50:47+00:00\",\"description\":\"Die CUNEXT GROUP hat sich auf die Verarbeitung von Kupfer und Aluminium in h\u00f6chster Qualit\u00e4t spezialisiert und setzt dabei auf kontinuierliche Innovation und Entwicklung.\",\"breadcrumb\":{\"@id\":\"https:\\\/\\\/cunext.com\\\/de\\\/datenschutzerklarung\\\/#breadcrumb\"},\"inLanguage\":\"de\",\"potentialAction\":[{\"@type\":\"ReadAction\",\"target\":[\"https:\\\/\\\/cunext.com\\\/de\\\/datenschutzerklarung\\\/\"]}]},{\"@type\":\"ImageObject\",\"inLanguage\":\"de\",\"@id\":\"https:\\\/\\\/cunext.com\\\/de\\\/datenschutzerklarung\\\/#primaryimage\",\"url\":\"https:\\\/\\\/cunext.com\\\/wp-content\\\/uploads\\\/2020\\\/04\\\/cabecera_politica-privacidad-1.jpg\",\"contentUrl\":\"https:\\\/\\\/cunext.com\\\/wp-content\\\/uploads\\\/2020\\\/04\\\/cabecera_politica-privacidad-1.jpg\",\"width\":1600,\"height\":378},{\"@type\":\"BreadcrumbList\",\"@id\":\"https:\\\/\\\/cunext.com\\\/de\\\/datenschutzerklarung\\\/#breadcrumb\",\"itemListElement\":[{\"@type\":\"ListItem\",\"position\":1,\"name\":\"Portada\",\"item\":\"https:\\\/\\\/cunext.com\\\/de\\\/\"},{\"@type\":\"ListItem\",\"position\":2,\"name\":\"Datenschutzerkl\u00e4rung\"}]},{\"@type\":\"WebSite\",\"@id\":\"https:\\\/\\\/cunext.com\\\/de\\\/#website\",\"url\":\"https:\\\/\\\/cunext.com\\\/de\\\/\",\"name\":\"Cunext\",\"description\":\"Transformaci\u00f3n de cobre y aluminio\",\"publisher\":{\"@id\":\"https:\\\/\\\/cunext.com\\\/de\\\/#organization\"},\"potentialAction\":[{\"@type\":\"SearchAction\",\"target\":{\"@type\":\"EntryPoint\",\"urlTemplate\":\"https:\\\/\\\/cunext.com\\\/de\\\/?s={search_term_string}\"},\"query-input\":{\"@type\":\"PropertyValueSpecification\",\"valueRequired\":true,\"valueName\":\"search_term_string\"}}],\"inLanguage\":\"de\"},{\"@type\":\"Organization\",\"@id\":\"https:\\\/\\\/cunext.com\\\/de\\\/#organization\",\"name\":\"Cunext Group\",\"url\":\"https:\\\/\\\/cunext.com\\\/de\\\/\",\"logo\":{\"@type\":\"ImageObject\",\"inLanguage\":\"de\",\"@id\":\"https:\\\/\\\/cunext.com\\\/de\\\/#\\\/schema\\\/logo\\\/image\\\/\",\"url\":\"https:\\\/\\\/cunext.com\\\/wp-content\\\/uploads\\\/2020\\\/04\\\/logo-cunext.png\",\"contentUrl\":\"https:\\\/\\\/cunext.com\\\/wp-content\\\/uploads\\\/2020\\\/04\\\/logo-cunext.png\",\"width\":229,\"height\":57,\"caption\":\"Cunext Group\"},\"image\":{\"@id\":\"https:\\\/\\\/cunext.com\\\/de\\\/#\\\/schema\\\/logo\\\/image\\\/\"},\"sameAs\":[\"https:\\\/\\\/www.linkedin.com\\\/company\\\/cunext-copper-industries-sl\\\/\"]}]}<\/script>\n<!-- \/ Yoast SEO plugin. -->","yoast_head_json":{"title":"Datenschutzerkl\u00e4rung - Cunext","description":"Die CUNEXT GROUP hat sich auf die Verarbeitung von Kupfer und Aluminium in h\u00f6chster Qualit\u00e4t spezialisiert und setzt dabei auf kontinuierliche Innovation und Entwicklung.","robots":{"index":"index","follow":"follow","max-snippet":"max-snippet:-1","max-image-preview":"max-image-preview:large","max-video-preview":"max-video-preview:-1"},"canonical":"https:\/\/cunext.com\/de\/datenschutzerklarung\/","og_locale":"de_DE","og_type":"article","og_title":"Datenschutzerkl\u00e4rung - Cunext","og_description":"Die CUNEXT GROUP hat sich auf die Verarbeitung von Kupfer und Aluminium in h\u00f6chster Qualit\u00e4t spezialisiert und setzt dabei auf kontinuierliche Innovation und Entwicklung.","og_url":"https:\/\/cunext.com\/de\/datenschutzerklarung\/","og_site_name":"Cunext","twitter_card":"summary_large_image","twitter_misc":{"Gesch\u00e4tzte Lesezeit":"3\u00a0Minuten"},"schema":{"@context":"https:\/\/schema.org","@graph":[{"@type":"WebPage","@id":"https:\/\/cunext.com\/de\/datenschutzerklarung\/","url":"https:\/\/cunext.com\/de\/datenschutzerklarung\/","name":"Datenschutzerkl\u00e4rung - Cunext","isPartOf":{"@id":"https:\/\/cunext.com\/de\/#website"},"primaryImageOfPage":{"@id":"https:\/\/cunext.com\/de\/datenschutzerklarung\/#primaryimage"},"image":{"@id":"https:\/\/cunext.com\/de\/datenschutzerklarung\/#primaryimage"},"thumbnailUrl":"https:\/\/cunext.com\/wp-content\/uploads\/2020\/04\/cabecera_politica-privacidad-1.jpg","datePublished":"2024-04-08T11:50:47+00:00","description":"Die CUNEXT GROUP hat sich auf die Verarbeitung von Kupfer und Aluminium in h\u00f6chster Qualit\u00e4t spezialisiert und setzt dabei auf kontinuierliche Innovation und Entwicklung.","breadcrumb":{"@id":"https:\/\/cunext.com\/de\/datenschutzerklarung\/#breadcrumb"},"inLanguage":"de","potentialAction":[{"@type":"ReadAction","target":["https:\/\/cunext.com\/de\/datenschutzerklarung\/"]}]},{"@type":"ImageObject","inLanguage":"de","@id":"https:\/\/cunext.com\/de\/datenschutzerklarung\/#primaryimage","url":"https:\/\/cunext.com\/wp-content\/uploads\/2020\/04\/cabecera_politica-privacidad-1.jpg","contentUrl":"https:\/\/cunext.com\/wp-content\/uploads\/2020\/04\/cabecera_politica-privacidad-1.jpg","width":1600,"height":378},{"@type":"BreadcrumbList","@id":"https:\/\/cunext.com\/de\/datenschutzerklarung\/#breadcrumb","itemListElement":[{"@type":"ListItem","position":1,"name":"Portada","item":"https:\/\/cunext.com\/de\/"},{"@type":"ListItem","position":2,"name":"Datenschutzerkl\u00e4rung"}]},{"@type":"WebSite","@id":"https:\/\/cunext.com\/de\/#website","url":"https:\/\/cunext.com\/de\/","name":"Cunext","description":"Transformaci\u00f3n de cobre y aluminio","publisher":{"@id":"https:\/\/cunext.com\/de\/#organization"},"potentialAction":[{"@type":"SearchAction","target":{"@type":"EntryPoint","urlTemplate":"https:\/\/cunext.com\/de\/?s={search_term_string}"},"query-input":{"@type":"PropertyValueSpecification","valueRequired":true,"valueName":"search_term_string"}}],"inLanguage":"de"},{"@type":"Organization","@id":"https:\/\/cunext.com\/de\/#organization","name":"Cunext Group","url":"https:\/\/cunext.com\/de\/","logo":{"@type":"ImageObject","inLanguage":"de","@id":"https:\/\/cunext.com\/de\/#\/schema\/logo\/image\/","url":"https:\/\/cunext.com\/wp-content\/uploads\/2020\/04\/logo-cunext.png","contentUrl":"https:\/\/cunext.com\/wp-content\/uploads\/2020\/04\/logo-cunext.png","width":229,"height":57,"caption":"Cunext Group"},"image":{"@id":"https:\/\/cunext.com\/de\/#\/schema\/logo\/image\/"},"sameAs":["https:\/\/www.linkedin.com\/company\/cunext-copper-industries-sl\/"]}]}},"_links":{"self":[{"href":"https:\/\/cunext.com\/de\/wp-json\/wp\/v2\/pages\/4626","targetHints":{"allow":["GET"]}}],"collection":[{"href":"https:\/\/cunext.com\/de\/wp-json\/wp\/v2\/pages"}],"about":[{"href":"https:\/\/cunext.com\/de\/wp-json\/wp\/v2\/types\/page"}],"author":[{"embeddable":true,"href":"https:\/\/cunext.com\/de\/wp-json\/wp\/v2\/users\/6"}],"replies":[{"embeddable":true,"href":"https:\/\/cunext.com\/de\/wp-json\/wp\/v2\/comments?post=4626"}],"version-history":[{"count":0,"href":"https:\/\/cunext.com\/de\/wp-json\/wp\/v2\/pages\/4626\/revisions"}],"wp:featuredmedia":[{"embeddable":true,"href":"https:\/\/cunext.com\/de\/wp-json\/wp\/v2\/media\/4627"}],"wp:attachment":[{"href":"https:\/\/cunext.com\/de\/wp-json\/wp\/v2\/media?parent=4626"}],"curies":[{"name":"wp","href":"https:\/\/api.w.org\/{rel}","templated":true}]}}